{"id":5374,"date":"2022-02-23T11:25:43","date_gmt":"2022-02-23T11:25:43","guid":{"rendered":"https:\/\/mundo.seashell.pt\/?post_type=product&#038;p=5374"},"modified":"2022-02-23T11:25:45","modified_gmt":"2022-02-23T11:25:45","slug":"pom-air-300ml","status":"publish","type":"product","link":"https:\/\/mundo.seashell.pt\/?product=pom-air-300ml","title":{"rendered":"Desodorizante em Aerossol Pom Air 300ml"},"content":{"rendered":"<h2>Desodorizante de ambiente em aerossol<\/h2>\n<ul>\n<li>Efeito desodorizante de longa dura\u00e7\u00e3o (12 h)<\/li>\n<li>Fragr\u00e2ncia intensa e en\u00e9rgica<\/li>\n<li>N\u00e3o \u00e9 prejudicial para a camada de ozono<\/li>\n<\/ul>\n<p>Deixa no ambiente uma fragr\u00e2ncia persistente que elimina odores desagrad\u00e1veis. As fragr\u00e2ncias dispon\u00edveis s\u00e3o:<\/p>\n<figure style=\"box-sizing: border-box; display: block; margin: 0px 0px 1rem; outline: 0px !important; position: relative; padding: 0px; clear: both; color: rgb(73, 80, 87); font-family: proxima-nova, sans-serif; font-size: 16px; font-style: normal; font-variant-ligatures: normal; font-variant-caps: normal; font-weight: 400; letter-spacing: normal; orphans: 2; text-align: left; text-indent: 0px; text-transform: none; white-space: normal; widows: 2; word-spacing: 0px; -webkit-text-stroke-width: 0px; text-decoration-thickness: initial; text-decoration-style: initial; text-decoration-color: initial; max-width: 186px;\"><img loading=\"lazy\" decoding=\"async\" src=\"https:\/\/jumpseller.s3.eu-west-1.amazonaws.com\/store\/mundo-limpo\/assets\/Captura_de_ecra__2021-03-09__a_s_08.57.41.png\" data-image=\"qhjeya4jeypx\" width=\"186\" height=\"103\" style=\"box-sizing: border-box; vertical-align: middle; border-style: none; outline: 0px !important; max-width: 186px; height: 103px; width: 186px; margin: 1em 0px;\"><\/figure>\n<h2>Spring<\/h2>\n<figure style=\"box-sizing: border-box; display: block; margin: 0px 10px 1rem; outline: 0px !important; position: relative; padding: 0px; clear: both; color: rgb(73, 80, 87); font-family: proxima-nova, sans-serif; font-size: 16px; font-style: normal; font-variant-ligatures: normal; font-variant-caps: normal; font-weight: 400; letter-spacing: normal; orphans: 2; text-align: left; text-indent: 0px; text-transform: none; white-space: normal; widows: 2; word-spacing: 0px; -webkit-text-stroke-width: 0px; text-decoration-thickness: initial; text-decoration-style: initial; text-decoration-color: initial; float: right; width: 109px; max-width: 109px;\"><img loading=\"lazy\" decoding=\"async\" src=\"https:\/\/jumpseller.s3.eu-west-1.amazonaws.com\/store\/mundo-limpo\/assets\/Captura_de_ecra__2021-03-09__a_s_08.57.47.png\" width=\"109\" height=\"101\" data-image=\"tot6hqb4m6t1\" style=\"box-sizing: border-box; vertical-align: middle; border-style: none; outline: 0px !important; max-width: 100%; height: auto; width: 109px; margin: 1em 0px;\"><\/figure>\n<p>Perfumes intensos e aveludados com notas florais frescas, tipicamente primaveris como espinheiro-branco, l\u00edrio do vale e variedade rosa ligeiramente frutada. Um ramo de flores harmoniosamente combinadas com notas finais persistentes de madeira e musgo.<\/p>\n<ul><\/ul>\n<ul><\/ul>\n<ul>\n<li><strong>Notas:<\/strong> Musgo, Violeta, Ylang-ylang, Espinheiro-branco<\/li>\n<li><strong>\u00d3leos essenciais:<\/strong> Cravo-da-\u00edndia<\/li>\n<li><strong>Tecnologia:<\/strong> \u201cMalodour Control\u201d contra odores de fumo\/cozinha\/casa de banho<\/li>\n<\/ul>\n<figure style=\"box-sizing: border-box; display: block; margin: 0px 0px 1rem; outline: 0px !important; position: relative; padding: 0px; clear: both; color: rgb(73, 80, 87); font-family: proxima-nova, sans-serif; font-size: 16px; font-style: normal; font-variant-ligatures: normal; font-variant-caps: normal; font-weight: 400; letter-spacing: normal; orphans: 2; text-align: left; text-indent: 0px; text-transform: none; white-space: normal; widows: 2; word-spacing: 0px; -webkit-text-stroke-width: 0px; text-decoration-thickness: initial; text-decoration-style: initial; text-decoration-color: initial; max-width: 179px;\"><img loading=\"lazy\" decoding=\"async\" src=\"https:\/\/jumpseller.s3.eu-west-1.amazonaws.com\/store\/mundo-limpo\/assets\/Captura_de_ecra__2021-03-09__a_s_09.02.53.png\" data-image=\"vrvw1c37y6yr\" width=\"179\" height=\"98\" style=\"box-sizing: border-box; vertical-align: middle; border-style: none; outline: 0px !important; max-width: 179px; height: 98px; width: 179px; margin: 1em 0px;\"><\/figure>\n<h2>Summer<\/h2>\n<figure style=\"box-sizing: border-box; display: block; margin: 0px 10px 1rem; outline: 0px !important; position: relative; padding: 0px; clear: both; color: rgb(73, 80, 87); font-family: proxima-nova, sans-serif; font-size: 16px; font-style: normal; font-variant-ligatures: normal; font-variant-caps: normal; font-weight: 400; letter-spacing: normal; orphans: 2; text-align: left; text-indent: 0px; text-transform: none; white-space: normal; widows: 2; word-spacing: 0px; -webkit-text-stroke-width: 0px; text-decoration-thickness: initial; text-decoration-style: initial; text-decoration-color: initial; max-width: 101px; float: right; width: 101px;\"><img loading=\"lazy\" decoding=\"async\" src=\"https:\/\/jumpseller.s3.eu-west-1.amazonaws.com\/store\/mundo-limpo\/assets\/Captura_de_ecra__2021-03-09__a_s_09.03.03.png\" data-image=\"txwy3ffdr7b1\" width=\"101\" height=\"85\" style=\"box-sizing: border-box; vertical-align: middle; border-style: none; outline: 0px !important; max-width: 101px; height: 85px; width: 101px; margin: 1em 0px;\"><\/figure>\n<p>Sensa\u00e7\u00f5es doces e envolventes, t\u00edpicas da baunilha, caracterizam o aroma de ver\u00e3o Summer. Encontramos nas notas de topo, juntamente com elementos florais, e nas notas finais com musgo e l\u00e1udano. Notas frutadas e de \u00e2mbar, quentes e sensuais, est\u00e3o presentes no cora\u00e7\u00e3o da fragr\u00e2ncia.<\/p>\n<ul><\/ul>\n<ul>\n<li><strong>Notas:<\/strong> L\u00e1udano, Benjoim, Baunilha, Coco, P\u00eassego<\/li>\n<\/ul>\n<h4><\/h4>\n<figure style=\"box-sizing: border-box; display: block; margin: 0px 0px 1rem; outline: 0px !important; position: relative; padding: 0px; clear: both; color: rgb(73, 80, 87); font-family: proxima-nova, sans-serif; font-size: 16px; font-style: normal; font-variant-ligatures: normal; font-variant-caps: normal; font-weight: 400; letter-spacing: normal; orphans: 2; text-align: left; text-indent: 0px; text-transform: none; white-space: normal; widows: 2; word-spacing: 0px; -webkit-text-stroke-width: 0px; text-decoration-thickness: initial; text-decoration-style: initial; text-decoration-color: initial; max-width: 173px;\"><img loading=\"lazy\" decoding=\"async\" src=\"https:\/\/jumpseller.s3.eu-west-1.amazonaws.com\/store\/mundo-limpo\/assets\/Captura_de_ecra__2021-03-09__a_s_09.54.30.png\" data-image=\"mi81j7nrqzy6\" width=\"173\" height=\"90\" style=\"box-sizing: border-box; vertical-align: middle; border-style: none; outline: 0px !important; max-width: 173px; height: 90px; width: 173px; margin: 1em 0px;\"><\/figure>\n<h2>Autumn<\/h2>\n<figure style=\"box-sizing: border-box; display: block; margin: 0px 10px 1rem; outline: 0px !important; position: relative; padding: 0px; clear: both; color: rgb(73, 80, 87); font-family: proxima-nova, sans-serif; font-size: 16px; font-style: normal; font-variant-ligatures: normal; font-variant-caps: normal; font-weight: 400; letter-spacing: normal; orphans: 2; text-align: left; text-indent: 0px; text-transform: none; white-space: normal; widows: 2; word-spacing: 0px; -webkit-text-stroke-width: 0px; text-decoration-thickness: initial; text-decoration-style: initial; text-decoration-color: initial; max-width: 104px; float: right; width: 104px;\"><img loading=\"lazy\" decoding=\"async\" src=\"https:\/\/jumpseller.s3.eu-west-1.amazonaws.com\/store\/mundo-limpo\/assets\/Captura_de_ecra__2021-03-09__a_s_09.54.38.png\" data-image=\"f9df2n2hj9zz\" width=\"104\" height=\"104\" style=\"box-sizing: border-box; vertical-align: middle; border-style: none; outline: 0px !important; max-width: 104px; height: 104px; width: 104px; margin: 1em 0px;\"><\/figure>\n<p>Fragr\u00e2ncia viva e refrescante, como o ou tono, que abre com uma combina\u00e7\u00e3o energ\u00e9tica de bergamota, citrinos e notas marinhas, envoltos num elegante bouquet floral de ylang-ylang e jasmim. A base \u00e9 uma poderosa combina\u00e7\u00e3o de madeiras preciosas e notas de \u00e2mbar.<\/p>\n<ul>\n<li><strong>Notas: <\/strong>Patchouli, Ylang-Ylang, \u00c2mbar<\/li>\n<li><strong>\u00d3leos essenciais:<\/strong> Sim<\/li>\n<li><strong>Tecnologia:<\/strong> \u201cMalodour Control\u201d contra odores de fumo\/cozinha\/casa de banho\n<\/li>\n<\/ul>\n<figure style=\"box-sizing: border-box; display: block; margin: 0px 0px 1rem; outline: 0px !important; position: relative; padding: 0px; clear: both; color: rgb(73, 80, 87); font-family: proxima-nova, sans-serif; font-size: 16px; font-style: normal; font-variant-ligatures: normal; font-variant-caps: normal; font-weight: 400; letter-spacing: normal; orphans: 2; text-align: left; text-indent: 0px; text-transform: none; white-space: normal; widows: 2; word-spacing: 0px; -webkit-text-stroke-width: 0px; text-decoration-thickness: initial; text-decoration-style: initial; text-decoration-color: initial; max-width: 175px;\"><img loading=\"lazy\" decoding=\"async\" src=\"https:\/\/jumpseller.s3.eu-west-1.amazonaws.com\/store\/mundo-limpo\/assets\/Captura_de_ecra__2021-03-09__a_s_09.55.07.png\" data-image=\"7yhz6gjrd1me\" width=\"175\" height=\"96\" style=\"box-sizing: border-box; vertical-align: middle; border-style: none; outline: 0px !important; max-width: 175px; height: 96px; width: 175px; margin: 1em 0px;\"><\/figure>\n<h2>Winter<\/h2>\n<figure style=\"box-sizing: border-box; display: block; margin: 0px 10px 1rem; outline: 0px !important; position: relative; padding: 0px; clear: both; color: rgb(73, 80, 87); font-family: proxima-nova, sans-serif; font-size: 16px; font-style: normal; font-variant-ligatures: normal; font-variant-caps: normal; font-weight: 400; letter-spacing: normal; orphans: 2; text-align: left; text-indent: 0px; text-transform: none; white-space: normal; widows: 2; word-spacing: 0px; -webkit-text-stroke-width: 0px; text-decoration-thickness: initial; text-decoration-style: initial; text-decoration-color: initial; max-width: 100px; float: right; width: 100px;\"><img loading=\"lazy\" decoding=\"async\" src=\"https:\/\/jumpseller.s3.eu-west-1.amazonaws.com\/store\/mundo-limpo\/assets\/Captura_de_ecra__2021-03-09__a_s_09.55.12.png\" data-image=\"ons9kx207cx1\" width=\"100\" height=\"83\" style=\"box-sizing: border-box; vertical-align: middle; border-style: none; outline: 0px !important; max-width: 100px; height: 83px; width: 100px; margin: 1em 0px;\"><\/figure>\n<p>Uma fragr\u00e2ncia intensa e en\u00e9rgica com notas de topo como mentol e bagas de zimbro, notas interm\u00e9dias picantes como a canela e tomilho branco e para terminar notas de madeira de cedro e pachuli com nuances mais frutadas. Uma composi\u00e7\u00e3o agrad\u00e1vel e viva para um inverno cheio de magia.<\/p>\n<ul>\n<li><strong>Notas:<\/strong> Madeira de cedro, tomilho branco, bagas de zimbro<\/li>\n<li><strong>\u00d3leos essenciais:<\/strong> Madeira de cedro<\/li>\n<\/ul>\n<figure style=\"box-sizing: border-box; display: block; margin: 0px 0px 1rem; outline: 0px !important; position: relative; padding: 0px; clear: both; color: rgb(73, 80, 87); font-family: proxima-nova, sans-serif; font-size: 16px; font-style: normal; font-variant-ligatures: normal; font-variant-caps: normal; font-weight: 400; letter-spacing: normal; orphans: 2; text-align: left; text-indent: 0px; text-transform: none; white-space: normal; widows: 2; word-spacing: 0px; -webkit-text-stroke-width: 0px; text-decoration-thickness: initial; text-decoration-style: initial; text-decoration-color: initial; max-width: 177px;\"><img loading=\"lazy\" decoding=\"async\" src=\"https:\/\/jumpseller.s3.eu-west-1.amazonaws.com\/store\/mundo-limpo\/assets\/Captura_de_ecra__2021-03-09__a_s_09.55.31.png\" data-image=\"d3upfhkgr7hk\" width=\"177\" height=\"92\" style=\"box-sizing: border-box; vertical-align: middle; border-style: none; outline: 0px !important; max-width: 177px; height: 92px; width: 177px; margin: 1em 0px;\"><\/figure>\n<h2>Off-Season<\/h2>\n<figure style=\"box-sizing: border-box; display: block; margin: 0px 10px 1rem; outline: 0px !important; position: relative; padding: 0px; clear: both; color: rgb(73, 80, 87); font-family: proxima-nova, sans-serif; font-size: 16px; font-style: normal; font-variant-ligatures: normal; font-variant-caps: normal; font-weight: 400; letter-spacing: normal; orphans: 2; text-align: left; text-indent: 0px; text-transform: none; white-space: normal; widows: 2; word-spacing: 0px; -webkit-text-stroke-width: 0px; text-decoration-thickness: initial; text-decoration-style: initial; text-decoration-color: initial; max-width: 102px; float: right; width: 102px;\"><img loading=\"lazy\" decoding=\"async\" src=\"https:\/\/jumpseller.s3.eu-west-1.amazonaws.com\/store\/mundo-limpo\/assets\/Captura_de_ecra__2021-03-09__a_s_09.55.38.png\" data-image=\"co308tbu4c9o\" width=\"102\" height=\"101\" style=\"box-sizing: border-box; vertical-align: middle; border-style: none; outline: 0px !important; max-width: 102px; height: 101px; width: 102px; margin: 1em 0px;\"><\/figure>\n<p>Sensa\u00e7\u00f5es Intensas e penetrantes distinguem a nova fragr\u00e2ncia da linha Pom. Notas c\u00edtricas e florais estimulantes, seguidas de notas de base de madeira como pachuli, cedro e s\u00e2ndalo, para uma agrad\u00e1vel persist\u00eancia com um efeito calmante e relaxante.<\/p>\n<ul><\/ul>\n<ul><\/ul>\n<ul>\n<li><strong>Notas:<\/strong> Madeira de S\u00e2ndalo, Iris, Rosa<\/li>\n<li><strong>\u00d3leos essenciais:<\/strong> Pachuli e Madeira de cedro<\/li>\n<\/ul>\n<p><\/p>\n<h4>Dilui\u00e7\u00e3o<\/h4>\n<p>Pronto para o uso.<\/p>\n<h4>Como usar<\/h4>\n<p>Agite bem antes de usar.&nbsp;<\/p>\n<p>Pulverize o ambiente por alguns segundos segurando o aerossol na vertical.<\/p>\n<p>Na primeira utiliza\u00e7\u00e3o pressione firmemente o pulverizador a fim de assegurar uma distribui\u00e7\u00e3o correta.<\/p>\n","protected":false},"excerpt":{"rendered":"<p>Deixa no ambiente uma fragr\u00e2ncia persistente que elimina odores desagrad\u00e1veis.<\/p>\n","protected":false},"featured_media":5375,"template":"","meta":{"spay_email":""},"product_cat":[15],"product_tag":[],"class_list":{"0":"post-5374","1":"product","2":"type-product","3":"status-publish","4":"has-post-thumbnail","6":"product_cat-sem-categoria","8":"first","9":"instock","10":"taxable","11":"shipping-taxable","12":"purchasable","13":"product-type-simple"},"acf":[],"jetpack-related-posts":[{"id":5372,"url":"https:\/\/mundo.seashell.pt\/?product=pom-nature-350ml","url_meta":{"origin":5374,"position":0},"title":"Desodorizante de Ambiente Pom Nature 350ml","date":"Fevereiro 23, 2022","format":false,"excerpt":"Desodorizante em trigger \u00e0 base de \u00e1gua com fragr\u00e2ncia \"long lasting\" que deixa no ambiente uma fragr\u00e2ncia persistente que elimina odores desagrad\u00e1veis.","rel":"","context":"Similar post","img":{"alt_text":"","src":"https:\/\/i0.wp.com\/mundo.seashell.pt\/wp-content\/uploads\/2022\/02\/Pom_nature.jpg?resize=350%2C200&ssl=1","width":350,"height":200},"classes":[]},{"id":5368,"url":"https:\/\/mundo.seashell.pt\/?product=pom-essence-500ml","url_meta":{"origin":5374,"position":1},"title":"Ess\u00eancia Desodorizante Pom Essence","date":"Fevereiro 23, 2022","format":false,"excerpt":"Descri\u00e7\u00e3o Gra\u00e7as \u00e0 sua fragr\u00e2ncia \"long lasting\" e \u00e0 sua alta concentra\u00e7\u00e3o, deixa no ambiente um perfume persistente que elimina odores desagrad\u00e1veis. Perfumes intensos e aveludados com notas florais frescas, tipicamente primaveris como espinheiro-branco, l\u00edrio do vale e variedade rosa ligeiramente frutada. Um ramo de flores harmonio...","rel":"","context":"Similar post","img":{"alt_text":"","src":"https:\/\/i0.wp.com\/mundo.seashell.pt\/wp-content\/uploads\/2022\/02\/PhotoRoom_20210325_131037.jpg?resize=350%2C200&ssl=1","width":350,"height":200},"classes":[]},{"id":6848,"url":"https:\/\/mundo.seashell.pt\/?product=nivea-men-dry-impact-desodorizante-200ml","url_meta":{"origin":5374,"position":2},"title":"Nivea Men dry impact Desodorizante 200ml","date":"Fevereiro 23, 2022","format":false,"excerpt":"Experimente e avalie a qualidade dos produtos Nivea. Desde 1911 a cuidar de si!Descri\u00e7\u00e3o: Regula eficazmente a transpira\u00e7\u00e3o durante 48h, garantindo axilas agrad\u00e1velmente secas e cuidadas durante todo o dia: anti-transpirante que elimina o odor corporal. Com uma suave fragr\u00e2ncia masculina . Tipo de produto: Deso...","rel":"","context":"Similar post","img":{"alt_text":"","src":"https:\/\/i0.wp.com\/mundo.seashell.pt\/wp-content\/uploads\/2022\/02\/81605-07405-39_Spray_Dry_Men_Impact_200ml_4005808727186.png?resize=350%2C200&ssl=1","width":350,"height":200},"classes":[]},{"id":6842,"url":"https:\/\/mundo.seashell.pt\/?product=dove-desodorizante-masculino-150ml","url_meta":{"origin":5374,"position":3},"title":"Dove Desodorizante Masculino 150ml","date":"Fevereiro 23, 2022","format":false,"excerpt":"Da pr\u00f3xima vez que estiver a correr para o escrit\u00f3rio ou a jogar futebol com as crian\u00e7as, o seu suor estar\u00e1 sob controlo. Escolha Dove Men+Care Aerossol antitranspirante Clean Comfort para ter um antitranspirante poderoso que o mant\u00e9m seco e livre da irrita\u00e7\u00e3o.Descri\u00e7\u00e3o: Trabalho, fam\u00edlia, viagens. A vida \u00e9 uma\u2026","rel":"","context":"Similar post","img":{"alt_text":"","src":"https:\/\/i0.wp.com\/mundo.seashell.pt\/wp-content\/uploads\/2022\/02\/DOVE_MEN_AERO_CLEAN_COMFORT_150ML_8712561254595.png?resize=350%2C200&ssl=1","width":350,"height":200},"classes":[]},{"id":6846,"url":"https:\/\/mundo.seashell.pt\/?product=rexona-active-fresh-0-150ml","url_meta":{"origin":5374,"position":4},"title":"Rexona Active Fresh 0% 150ml","date":"Fevereiro 23, 2022","format":false,"excerpt":"48h de Prote\u00e7\u00e3o contra o odor corporal \u2013 Prote\u00e7\u00e3o extra enquanto te moves. \u2022 Uma fragr\u00e2ncia fresca de ervas e bergamota. Para que te sintas seco e confiante todo o dia.\u2022 0% sais de Aluminio. Uma sensa\u00e7\u00e3o duradoura de frescura e 48 horas de prote\u00e7\u00e3o contra o odor corporal: este\u2026","rel":"","context":"Similar post","img":{"alt_text":"","src":"https:\/\/i0.wp.com\/mundo.seashell.pt\/wp-content\/uploads\/2022\/02\/REXONA_MEN_AERO_ACT.FRESH_0_ALUM_150ML.png?resize=350%2C200&ssl=1","width":350,"height":200},"classes":[]},{"id":6868,"url":"https:\/\/mundo.seashell.pt\/?product=nivea-dry-confort-desodorizante-feminino-200ml","url_meta":{"origin":5374,"position":5},"title":"Nivea Dry Confort Desodorizante Feminino 200ml","date":"Fevereiro 23, 2022","format":false,"excerpt":"Experimente e avalie a qualidade dos produtos Nivea. Desde 1911 a cuidar de si!Benef\u00edcios: - Regula eficazmente a transpira\u00e7\u00e3o, garantido axilas agradavelmente secas e cuidadas durante todo o dia;- Anti-transpirante que elimina o odor corporal;- Suave fragr\u00e2ncia. Conselhos de utiliza\u00e7\u00e3o: Agitar bem ante...","rel":"","context":"Similar post","img":{"alt_text":"","src":"https:\/\/i0.wp.com\/mundo.seashell.pt\/wp-content\/uploads\/2022\/02\/81604-07405-39_Spray_Dry_Comfort_200ml_4005808719020.png?resize=350%2C200&ssl=1","width":350,"height":200},"classes":[]}],"_links":{"self":[{"href":"https:\/\/mundo.seashell.pt\/index.php?rest_route=\/wp\/v2\/product\/5374","targetHints":{"allow":["GET"]}}],"collection":[{"href":"https:\/\/mundo.seashell.pt\/index.php?rest_route=\/wp\/v2\/product"}],"about":[{"href":"https:\/\/mundo.seashell.pt\/index.php?rest_route=\/wp\/v2\/types\/product"}],"wp:featuredmedia":[{"embeddable":true,"href":"https:\/\/mundo.seashell.pt\/index.php?rest_route=\/wp\/v2\/media\/5375"}],"wp:attachment":[{"href":"https:\/\/mundo.seashell.pt\/index.php?rest_route=%2Fwp%2Fv2%2Fmedia&parent=5374"}],"wp:term":[{"taxonomy":"product_cat","embeddable":true,"href":"https:\/\/mundo.seashell.pt\/index.php?rest_route=%2Fwp%2Fv2%2Fproduct_cat&post=5374"},{"taxonomy":"product_tag","embeddable":true,"href":"https:\/\/mundo.seashell.pt\/index.php?rest_route=%2Fwp%2Fv2%2Fproduct_tag&post=5374"}],"curies":[{"name":"wp","href":"https:\/\/api.w.org\/{rel}","templated":true}]}}